{"id":548,"date":"2015-11-13T13:34:27","date_gmt":"2015-11-13T13:34:27","guid":{"rendered":"http:\/\/wtzkalkow-godow.pl\/?page_id=548"},"modified":"2018-06-12T10:59:10","modified_gmt":"2018-06-12T10:59:10","slug":"sfera-zawodowa","status":"publish","type":"page","link":"https:\/\/wtzkalkow-godow.pl\/?page_id=548","title":{"rendered":"SFERA ZAWODOWA"},"content":{"rendered":"<ul>\n<li><strong>IDEA REHABILITACJI ZAWODOWEJ.<\/strong><br \/>\nZgodnie z ustaw\u0105 dnia 27 sierpnia 1997 r. o rehabilitacji zawodowej i spo\u0142ecznej oraz zatrudnianiu os\u00f3b niepe\u0142nosprawnych (Dz.U. 1997 Nr 123 poz. 776) ustawodawca postawi\u0142 przed warsztatami cele, o kt\u00f3rych mowa w art. 10 a:\u00a0 Art. 10.<br \/>\nDo podstawowych form aktywno\u015bci wspomagaj\u0105cej proces rehabilitacji zawodowej i spo\u0142ecznej os\u00f3b niepe\u0142nosprawnych zalicza si\u0119 uczestnictwo tych os\u00f3b w:<br \/>\n1) warsztatach terapii zaj\u0119ciowej, zwanych dalej \u201ewarsztatami\u201d;<br \/>\n2) turnusach rehabilitacyjnych, zwanych dalej \u201eturnusami\u201d.<\/li>\n<\/ul>\n<p>Art. 10a.<br \/>\n1. Warsztat oznacza wyodr\u0119bnion\u0105 organizacyjnie i finansowo plac\u00f3wk\u0119 stwarzaj\u0105c\u0105 osobom niepe\u0142nosprawnym niezdolnym do podj\u0119cia pracy mo\u017cliwo\u015b\u0107 rehabilitacji spo\u0142ecznej i zawodowej w zakresie pozyskania lub przywracania umiej\u0119tno\u015bci niezb\u0119dnych do podj\u0119cia zatrudnienia.<br \/>\n2. Realizacja przez warsztat celu, o kt\u00f3rym mowa w ust. 1, odbywa si\u0119 przy zastosowaniu technik terapii zaj\u0119ciowej, zmierzaj\u0105cych do rozwijania:<br \/>\n1) umiej\u0119tno\u015bci wykonywania czynno\u015bci \u017cycia codziennego oraz zaradno\u015bci osobistej;<br \/>\n2) psychofizycznych sprawno\u015bci oraz podstawowych i specjalistycznych umiej\u0119tno\u015bci zawodowych, umo\u017cliwiaj\u0105cych uczestnictwo w szkoleniu zawodowym albo podj\u0119cie pracy.<\/p>\n<p><strong>Realizuj\u0105c cele ustawowe Warsztat Terapii Zaj\u0119ciowej w Ka\u0142kowie-Godowie podejmuje dzia\u0142ania w zakresie rehabilitacji zawodowej poprzez:<\/strong><\/p>\n<p>&#8211;\u00a0 wyjazdy do zak\u0142ad\u00f3w pracy o charakterze poznawczym,<br \/>\n&#8211; wyjazdy i wyj\u015bcia do zak\u0142ad\u00f3w pracy o charakterze praktycznym, (wyj\u015bcia by\u0142y jednorazowe, jak r\u00f3wnie\u017c mia\u0142y charakter cykliczny),<br \/>\n&#8211; wyjazdy do PUP w Starachowicach, kt\u00f3re mia\u0142y charakter informacyjny,<br \/>\n&#8211;\u00a0 spotkania z doradc\u0105 zawodowym,<br \/>\n&#8211;\u00a0 udzia\u0142 w Regionalnych Targach Pracy,<br \/>\n&#8211; organizowanie konferencji z udzia\u0142em pracodawc\u00f3w na temat sytuacji na chronionym i otwartym rynku pracy.<\/p>\n<p style=\"text-align: center;\"><strong>&#8212;&#8212;&#8212;&#8212;&#8212;&#8212;&#8212;&#8212;&#8212;&#8212;&#8212;&#8212;&#8212;&#8212;&#8212;&#8212;&#8212;&#8212;&#8212;&#8212;&#8212;&#8212;&#8212;&#8212;&#8212;&#8212;&#8212;&#8212;&#8212;&#8212;&#8212;&#8212;&#8212;&#8212;&#8212;&#8212;&#8211;<\/strong><\/p>\n<ul>\n<li><strong>OSI\u0104GNI\u0118CIA WARSZTATU TERAPII ZAJ\u0118CIOWEJ W SFERZE AKTYWIZACJI ZAWODOWEJ<\/strong><\/li>\n<\/ul>\n<p>W Powiatowym Zak\u0142adzie Aktywno\u015bci Zawodowej w Stykowie zatrudnienie znalaz\u0142o o\u015bmiu naszych podopiecznych: Marcin G., Katarzyna K., Katarzyna W., Marcin W., Stefan K., Konrad Z.,\u00a0\u00a0\u00a0\u00a0\u00a0\u00a0 Joanna L., Micha\u0142 S..<br \/>\nSerdeczne podzi\u0119kowania dla Dyrekcji Powiatowego Zak\u0142adu Aktywno\u015bci Zawodowej za owocn\u0105 wsp\u00f3\u0142prac\u0119.<\/p>\n<p>W ramach aktywizacji zawodowej nawi\u0105zano wsp\u00f3\u0142prac\u0119 z w\u0142a\u015bcicielem Hotelu Senator w Starachowicach. Dzi\u0119ki jego uprzejmo\u015bci nasz uczestnik Piotr K. mia\u0142 mo\u017cliwo\u015b\u0107 korzysta\u0107 z zaj\u0119\u0107 praktycznych, kt\u00f3re pozwoli\u0142y mu pozna\u0107 specyfik\u0119 pracy w Restauracji Hotelu Senator. Piotr bardzo dobrze wywi\u0105zywa\u0142 si\u0119 z powierzonych obowi\u0105zk\u00f3w, co zaowocowa\u0142o zatrudnieniem naszego uczestnika na stanowisku pomoc kucharza.\u00a0 Jest to pierwszy podopieczny WTZ, kt\u00f3ry podj\u0105\u0142 zatrudnienie na otwartym rynku pracy.<br \/>\nSerdeczne podzi\u0119kowania dla w\u0142a\u015bciciela Hotelu Senator w Starachowicach za owocn\u0105 wsp\u00f3\u0142prac\u0119, okazane zaufanie i obj\u0119cie opiek\u0105 naszego podopiecznego Piotra K.<\/p>\n<p style=\"text-align: center;\"><strong>&#8212;&#8212;&#8212;&#8212;&#8212;&#8212;&#8212;&#8212;&#8212;&#8212;&#8212;&#8212;&#8212;&#8212;&#8212;&#8212;&#8212;&#8212;&#8212;&#8212;&#8212;&#8212;&#8212;&#8212;&#8212;&#8212;&#8212;&#8212;&#8212;&#8212;&#8212;&#8212;&#8212;&#8212;&#8212;&#8212;&#8211;<\/strong><\/p>\n<ul>\n<li><strong>WYJ\u015aCIA I WYJAZDY O CHARAKTERZE POZNAWCZYM, INFORMACYJNYM I ZAWODOWYM<\/strong><\/li>\n<\/ul>\n<p><strong>PerfectDoor \u2013 producent drzwi i o\u015bcie\u017cnic w Kunowie<\/strong><strong><br \/>\n<\/strong>Grupa 6 uczestnik\u00f3w \u00a0naszego warsztatu wzi\u0119\u0142a udzia\u0142 w wyje\u017adzie do producenta drzwi i o\u015bcie\u017cnic. \u00a0Zwiedzanie zak\u0142adu odby\u0142o si\u0119 w ramach zaj\u0119\u0107 \u00a0Pracowni Stolarskiej i Pracowni Sztuki U\u017cytkowej i Marketingu, maj\u0105cych na celu przygotowanie uczestnik\u00f3w WTZ do podj\u0119cia zatrudnienia. Kierownik do spraw technicznych produkcji \u00a0\u00a0zapozna\u0142 nas z procesem wytwarzania drzwi wewn\u0119trznych, powstaj\u0105cych na bazie konstrukcji ramowych wykonanych z p\u0142yt MDF i powlekanych foliami imituj\u0105cymi rysunek drewna. Nasi uczestnicy mieli mo\u017cliwo\u015b\u0107 poznania ca\u0142ego ci\u0105gu produkcyjnego, zaobserwowania czynno\u015bci wykonywanych przez pracownik\u00f3w, jak r\u00f3wnie\u017c operacji obr\u00f3bczych odbywaj\u0105cych si\u0119 przy u\u017cyciu\u00a0 nowoczesnych maszyn i urz\u0105dze\u0144. W zak\u0142adzie tym stosowane s\u0105 mi\u0119dzy innymi roboty przemys\u0142owe i inne obrabiarki sterowane komputerowo. Pracownicy specjalnie dla nas zademonstrowali ci\u0119cie szk\u0142a taflowego na mniejsze szybki montowane nast\u0119pnie w drzwiach segmentowych.\u00a0<em>Dzi\u0119kujemy kierownictwu Firmy za \u017cyczliwo\u015b\u0107 i mo\u017cliwo\u015b\u0107 zapoznania si\u0119 ze specyfik\u0105 produkcji drzwi i o\u015bcienic.\u00a0<\/em><\/p>\n<p><strong>Zak\u0142ad Stolarski &#8222;Jod\u0142a&#8221;<\/strong><strong><br \/>\n<\/strong>Grupa 10 uczestnik\u00f3w z naszego warsztatu wzi\u0119\u0142a udzia\u0142 w wyje\u017adzie do Zak\u0142adu Stolarskiego \u201eJod\u0142a\u201d Marian Moco\u0144 w Serwisie ko\u0142o Rudek. Zwiedzanie zak\u0142adu odby\u0142o si\u0119 w ramach zaj\u0119\u0107 terapeutycznych prowadzonych w pracowniach: Sztuki U\u017cytkowej i Marketingu oraz Stolarskiej. W\u0142a\u015bciciel zak\u0142adu zapozna\u0142 nas z procesem produkcji sto\u0142\u00f3w rozk\u0142adanych, pocz\u0105wszy od pozyskania desek w tartaku, suszenie materia\u0142u, wytwarzanie element\u00f3w, monta\u017c i sk\u0142adowanie gotowych wyrob\u00f3w.\u00a0<em>Dzi\u0119kujemy Panu Marianowi Moco\u0144 za umo\u017cliwienie zapoznania si\u0119 z procesem produkcji w Zak\u0142adzie Stolarskim.\u00a0<\/em><\/p>\n<p><strong>Sp\u00f3\u0142dzielnia Socjalna &#8221; Mi\u00f3d Malina&#8221;<\/strong><strong><br \/>\n<\/strong>W ramach przygotowania zawodowego, grupa uczestnik\u00f3w bra\u0142a udzia\u0142 w wyje\u017adzie do Sp\u00f3\u0142dzielni Socjalnej w Radomiu, kt\u00f3ra \u015bwiadczy us\u0142ugi kulinarne, organizuje imprezy okoliczno\u015bciowe, obs\u0142uguje i organizuje szkolenia. Nasi uczestnicy mogli zapozna\u0107 si\u0119 z dzia\u0142alno\u015bci\u0105 sp\u00f3\u0142dzielni, mo\u017cliwo\u015bci\u0105 za\u0142o\u017cenia takiej dzia\u0142alno\u015bci oraz prac\u0105 ludzi zatrudnionych bezpo\u015brednio przy przygotowywaniu r\u00f3\u017cnorodnych potraw, ciast, deser\u00f3w, herbat, kawy. Zobaczyli\u015bmy r\u00f3wnie\u017c wyposa\u017cenie kuchni w sprz\u0119t mechaniczny, kolejno\u015b\u0107 wykonywanych czynno\u015bci i produkt ko\u0144cowy. Menad\u017cer tej sp\u00f3\u0142dzielni opowiedzia\u0142 nam o biznes planie, \u015brodkach finansowych, prowadzeniu restauracji i zatrudnieniu. Nast\u0119pnie pocz\u0119stowano nas ciastem i herbat\u0105 podan\u0105 w imbryku. Mogli\u015bmy sp\u0119dzi\u0107 czas w mi\u0142ej i przyjaznej atmosferze. Nasi podopieczni\u00a0 zainteresowali si\u0119 dzia\u0142alno\u015bci\u0105 tej sp\u00f3\u0142dzielni. Szczeg\u00f3lnie uczestnicy pracowni kulinarnej snuli plany o naszych mo\u017cliwo\u015bciach za\u0142o\u017cenia restauracji.<\/p>\n<p><strong>Kielecka Fabryka Mebli<\/strong><br \/>\nGrupa uczestnik\u00f3w z pracowni stolarskiej wraz z opiekunem panem Andrzejem Amborskim w ramach przygotowania zawodowego zwiedzi\u0142a Kielecka Fabryk\u0119 Mebli. Nasi podopieczni mieli mo\u017cliwo\u015b\u0107 zapoznania si\u0119 z procesem wytwarzania wyrob\u00f3w meblowych wykonywanych z p\u0142yty wi\u00f3rowej. Ogl\u0105dali r\u00f3wnie\u017c ekspozycje mebli wystawionych w pawilonie handlowym na terenie tamtejszej fabryki.<br \/>\n<em>Serdeczne podzi\u0119kowania dla Dyrekcji oraz pracownik\u00f3w Kieleckiej Fabryki Mebli za \u017cyczliwe nastawienie do os\u00f3b niepe\u0142nosprawnych \u2013 uczestnik\u00f3w WTZ.<\/em><\/p>\n<p><strong>Zak\u0142ad Przerobu Drewna ,,Kajmex\u201d<\/strong><br \/>\nUczestnicy z pracowni stolarskiej zwiedzili Zak\u0142ad Przerobu Drewna ,,Kajmex\u201d w I\u0142\u017cy. Zak\u0142ad specjalizuje si\u0119 w wyrobach stolarki budowlanej. Nasi podopieczni mieli mo\u017cliwo\u015b\u0107 bezpo\u015bredniej obserwacji pracy na poszczeg\u00f3lnych stanowiskach, w tym r\u00f3wnie\u017c obs\u0142ugiwanych przez osoby niepe\u0142nosprawne. Opiekunem grupy by\u0142 pan Andrzej Amborski.<br \/>\n<em>Dzi\u0119kujemy w\u0142a\u015bcicielowi Zak\u0142adu panu Kazimierzowi Sielwanowskiemu oraz kierownikowi produkcji panu Krzysztofowi Sielwanowskiemu za \u017cyczliwo\u015b\u0107 i mi\u0142e przyj\u0119cie naszych podopiecznych.<\/em><\/p>\n<p><strong>Zak\u0142ad Produkcji Odzie\u017cy ,,W\u00f3lczanka\u201d<\/strong><br \/>\nPi\u0119cioosobowa grupa uczestnik\u00f3w z pracowni krawieckiej wraz z opiekunem Pani\u0105 Ma\u0142gorzat\u0105 Mikos bra\u0142a udzia\u0142 w wyje\u017adzie do Zak\u0142adu Produkcji Odzie\u017cy ,,W\u00f3lczanka\u201d w Ostrowcu \u015awi\u0119tokrzyskim. Celem tego wyjazdu by\u0142o zapoznanie naszych podopiecznych z procesem technologicznym kroju i szycia. Uczestnicy mieli mo\u017cliwo\u015b\u0107 zaznajomienia si\u0119 z warunkami i stanowiskami pracy w tym zak\u0142adzie, jak r\u00f3wnie\u017c poznania poszczeg\u00f3lnych etap\u00f3w produkcji pocz\u0105wszy od pracowni projektanckiej, a sko\u0144czywszy na pomieszczeniach magazynu odzie\u017cy.<br \/>\n<em>Serdeczne podzi\u0119kowania dla Dyrekcji oraz pracownik\u00f3w za mo\u017cliwo\u015b\u0107 zwiedzenia zak\u0142adu, \u017cyczliwo\u015b\u0107 i po\u015bwi\u0119cony czas.<\/em><\/p>\n<p><strong>Zak\u0142ad ,,Fama \u2013 Bruk\u201d<\/strong><br \/>\nPan Andrzej Amborski z grup\u0105 naszych podopiecznych zwiedzi\u0142 Zak\u0142ad ,,Fama \u2013 Bruk\u201d w D\u0105browie. Uczestnicy WTZ zostali zapoznani z procesem wytwarzania wyrob\u00f3w betonowych takich jak: kostka brukowa oraz galanteria budowlana.<br \/>\n<em>Serdeczne podzi\u0119kowania dla w\u0142a\u015bciciela pana S\u0142awomira Wojteczka za umo\u017cliwienie zwiedzenia wytw\u00f3rni kostki brukowej przez uczestnik\u00f3w WTZ.<\/em><\/p>\n<p><strong>Hurtownia P\u0142ytek Ceramicznych ,,Budex \u2013 Szyk\u201d<\/strong><br \/>\nZorganizowano tak\u017ce dwa wyjazdy o charakterze zawodowym do Hurtowni P\u0142ytek Ceramicznych ,,Budex \u2013 Szyk\u201d w Starachowicach. Celem tych wyjazd\u00f3w by\u0142o zar\u00f3wno zwiedzenie Zak\u0142adu jak i nabycie umiej\u0119tno\u015bci niezb\u0119dnych do zdobycia zawodu. Nasi podopieczni zostali zapoznani z regulaminem oraz zasadami bezpiecze\u0144stwa i higieny pracy na poszczeg\u00f3lnych stanowiskach. Dzi\u0119ki tej wizycie zdobyli pewn\u0105 orientacj\u0119 zawodow\u0105 s\u0142u\u017c\u0105c\u0105 poznaniu takich zawod\u00f3w jak sprzedawca i magazynier. Podopieczni mieli mo\u017cliwo\u015b\u0107 nauki bezpo\u015brednio na stanowisku pracy, pod okiem do\u015bwiadczonych pracownik\u00f3w. Opiekunem grupy by\u0142a pani Ma\u0142gorzata Mikos.<br \/>\n<em>Dzi\u0119kujemy panu Filipowi Prokop \u2013 w\u0142a\u015bcicielowi Hurtowni ,,Budex \u2013 Szyk\u201d w Starachowicach oraz pracownikom za owocn\u0105 wsp\u00f3\u0142prac\u0119, wyrozumia\u0142o\u015b\u0107 i po\u015bwi\u0119cenie czasu podopiecznym WTZ.<\/em><\/p>\n<p><strong>Gospodarstwo Ogrodnicze G\u0142owacki Marcin<\/strong><br \/>\nNasi podopieczni dwukrotnie brali udzia\u0142 w zaj\u0119ciach praktycznych w Gospodarstwie Ogrodniczym G\u0142owacki Marcin w Warsz\u00f3wku. Po zwiedzeniu ca\u0142ego przedsi\u0119biorstwa i obserwacji pracy zatrudnionych tam os\u00f3b przyszed\u0142 czas na dzia\u0142ania praktyczne. Nasi podopieczni \u015bwietnie poradzili sobie ze zleconymi czynno\u015bciami, wykazuj\u0105c przy tym ogromne zaanga\u017cowanie i dok\u0142adno\u015b\u0107. Ich praca zosta\u0142a nagrodzona pi\u0119knymi kwiatami rabatowymi przekazanymi dla warsztatu przez w\u0142a\u015bcicielk\u0119 Gospodarstwa. Opiekunami grupy podczas tych wyjazd\u00f3w byli: pani Ma\u0142gorzata Mikos oraz br. Pawe\u0142 Bolibok.<br \/>\n<em>Serdeczne podzi\u0119kowania dla w\u0142a\u015bcicieli Gospodarstwa za mi\u0142e przyj\u0119cie oraz \u017cyczliwe nastawienie do os\u00f3b niepe\u0142nosprawnych \u2013 uczestnik\u00f3w WTZ.<\/em><\/p>\n<p><strong>Powiatowy Zak\u0142ad Aktywno\u015bci Zawodowej w Stykowie<\/strong><br \/>\nW ramach aktywizacji zawodowej podopiecznych WTZ zorganizowano dwudniowe zaj\u0119cia w Powiatowym Zak\u0142adzie Aktywno\u015bci Zawodowej w Stykowie. Uczestnicy zostali zapoznani z kolejnymi etapami produkcji pami\u0105tek i innych przedmiot\u00f3w. Mieli mo\u017cliwo\u015b\u0107 wykonania czynno\u015bci praktycznych. Opiekunem grupy by\u0142a pani Mirella Mrowiec \u2013 Borek.<br \/>\n<em>Dzi\u0119kujemy panu Andrzejowi \u015aledziona za mo\u017cliwo\u015b\u0107 odbycia zaj\u0119\u0107 praktycznych przez podopiecznych WTZ w Powiatowym Zak\u0142adzie Aktywno\u015bci Zawodowej.<\/em><\/p>\n<p><strong>Szwalnia Perfopol<\/strong><br \/>\nGrupa naszych podopiecznych zwiedzi\u0142a Zak\u0142ad specjalizuj\u0105cy si\u0119 w szyciu ubra\u0144 roboczych. Uczestnicy zostali zapoznani z regulaminem oraz zasadami bezpiecze\u0144stwa i higieny pracy na poszczeg\u00f3lnych stanowiskach. Poprzez ten wyjazd nasi podopieczni mieli mo\u017cliwo\u015b\u0107 bezpo\u015bredniej obserwacji pracy os\u00f3b zatrudnionych w szwalni. Zapoznali si\u0119 z poszczeg\u00f3lnymi etapami szycia ubra\u0144 roboczych. Opiekunem grupy by\u0142a pani Bernadeta Mrowiec\u2013 Orczyk.<br \/>\n<em>Serdeczne podzi\u0119kowania dla Dyrekcji Zak\u0142adu oraz pracownik\u00f3w za po\u015bwi\u0119cony czas i okazan\u0105 \u017cyczliwo\u015b\u0107.<\/em><\/p>\n<p><strong>Zak\u0142ad Stolarski Jerzy Mikos<\/strong><br \/>\nGrupa podopiecznych WTZ wzi\u0119\u0142a udzia\u0142 w zaj\u0119ciach praktycznych w Zak\u0142adzie Stolarskim Jerzy Mikos w Godowie. Uczestnicy zostali zapoznani ze sposobami wyko\u0144czenia powierzchni wyrob\u00f3w z drewna. W ramach zaj\u0119\u0107 praktycznych przygotowywali elementy z drewna do lakierowania. Nasi podopieczni mieli r\u00f3wnie\u017c mo\u017cliwo\u015b\u0107 obejrzenia produkt\u00f3w wykonanych w zak\u0142adzie. Opiekunami grupy byli: pani Joanna Go\u0142don oraz pan Andrzej Amborski.<em>\u00a0Dzi\u0119kujemy panu Jerzemu Mikos za owocn\u0105 wsp\u00f3\u0142prac\u0119 i \u017cyczliwe nastawienie do os\u00f3b niepe\u0142nosprawnych.<\/em><\/p>\n<p><strong>Zak\u0142ad Stolarski Mikos Magdalena<\/strong><br \/>\nForm\u0119 cykliczn\u0105 przyj\u0119\u0142y zaj\u0119cia praktyczne w Zak\u0142adzie Stolarskim Mikos Magdalena w Godowie. W ramach podpisanego porozumienia zaj\u0119cia odby\u0142y si\u0119 pi\u0119ciokrotnie i trwa\u0142y ok.1,5 godziny. Krzysztof zosta\u0142 zapoznany z zasadami bezpiecze\u0144stwa i higieny pracy obowi\u0105zuj\u0105cymi w zak\u0142adzie. Pozna\u0142 tak\u017ce narz\u0119dzia oraz maszyny wykorzystywane w stolarstwie. Wykonywa\u0142 czynno\u015bci zwi\u0105zane z obr\u00f3bk\u0105 drewna i pracami porz\u0105dkowymi, pod okiem do\u015bwiadczonych pracownik\u00f3w oraz opiekuna z WTZ. Zar\u00f3wno w\u0142a\u015bciciel jak i pracownicy wyrazili pochlebn\u0105 opini\u0119 odno\u015bnie zaanga\u017cowania naszego podopiecznego w zaj\u0119cia. Opiekunem uczestnika z ramienia WTZ by\u0142a pani Ma\u0142gorzata Mikos.<br \/>\n<em>Serdeczne podzi\u0119kowania dla Pa\u0144stwa Magdaleny i W\u0142odzimierza Mikos oraz pracownik\u00f3w zak\u0142adu za owocn\u0105 wsp\u00f3\u0142prac\u0119, wyrozumia\u0142o\u015b\u0107 i po\u015bwi\u0119cony czas.<\/em><\/p>\n<p style=\"text-align: center;\"><em>\u00a0<\/em><strong>&#8212;&#8212;&#8212;&#8212;&#8212;&#8212;&#8212;&#8212;&#8212;&#8212;&#8212;&#8212;&#8212;&#8212;&#8212;&#8212;&#8212;&#8212;&#8212;&#8212;&#8212;&#8212;&#8212;&#8212;&#8212;&#8212;&#8212;&#8212;&#8212;&#8212;&#8212;&#8212;&#8212;&#8212;&#8212;&#8212;&#8211;<\/strong><\/p>\n<ul>\n<li><strong>SPOTKANIA Z DORADCAMI ZAWODOWYMI,UDZIA\u0141 W TARGACH PRACY, ORGANIZOWANIE KONFERENCJI<\/strong><\/li>\n<\/ul>\n<p><strong>Spotkanie z doradc\u0105 zawodowym<\/strong><br \/>\nW lutym 2010 roku odby\u0142o si\u0119 spotkanie z doradc\u0105 zawodowym os\u00f3b niepe\u0142nosprawnych Powiatowego Urz\u0119du Pracy w Starachowicach pani\u0105 Ma\u0142gorzat\u0105 Czuba. Celem spotkania by\u0142o przedstawienie struktury Urz\u0119du Pracy, zapoznanie uczestnik\u00f3w z poj\u0119ciami doradztwa zawodowego, rynku pracy, a tak\u017ce okre\u015blenie zainteresowa\u0144 i predyspozycji zawodowych. Uczestnicy poznali zasady korzystania z us\u0142ug poradnictwa zawodowego, obejmuj\u0105cego prowadzenie indywidualnych i zbiorowych dzia\u0142a\u0144 w zakresie informowania, oceny kompetencji, wsparcia oraz nauczania umiej\u0119tno\u015bci niezb\u0119dnych do podejmowania decyzji i kierowania w\u0142asn\u0105 karier\u0105. Opiekunem grupy by\u0142a pani Anna Zdybiewska.<\/p>\n<p><strong>Konferencja ,,Niepe\u0142nosprawno\u015b\u0107 a praca\u201d<\/strong><br \/>\n16.10.2013 roku odby\u0142a si\u0119 konferencja pod nazw\u0105 ,,Niepe\u0142nosprawno\u015b\u0107 a praca\u201d zorganizowana przez \u015awi\u0119tokrzyskie Stowarzyszenie Niepe\u0142nosprawnym ,, RADO\u015a\u0106\u201d w Godowie oraz Warsztat Terapii Zaj\u0119ciowej w Ka\u0142kowie \u2013 Godowie. Konferencja mia\u0142a na celu pokaza\u0107 osobom niepe\u0142nosprawnym z terenu powiatu starachowickiego i ich rodzinom mo\u017cliwo\u015bci instytucji i przedsi\u0119biorc\u00f3w w zakresie funkcjonowania os\u00f3b niepe\u0142nosprawnych na rynku pracy. Na konferencj\u0119 w charakterze prelegent\u00f3w zostali zaproszeni przedstawiciele Starostwa Powiatowego i Powiatowego Urz\u0119du Pracy w Starachowicach, Powiatowego Zak\u0142adu Aktywno\u015bci Zawodowej w Stykowie, Urz\u0119du Wojew\u00f3dzkiego w Kielcach oraz pracodawc\u00f3w, kt\u00f3rzy poprzez swoje wyst\u0105pienia przybli\u017cyli problematyk\u0119 rynku pracy dla os\u00f3b niepe\u0142nosprawnych. Zesp\u00f3\u0142 ds. Zdrowia i Rehabilitacji Zawodowej Starostwa Powiatowego w Starachowicach reprezentowa\u0142a Pani Mariola Lisowska, w imieniu Powiatowego Urz\u0119du Pracy w Starachowicach wyst\u0105pi\u0142a Pani Ma\u0142gorzata Czuba \u2013 doradca zawodowy. Chroniony rynek pracy om\u00f3wili kolejno: Dyrektor Powiatowego Zak\u0142adu Aktywno\u015bci Zawodowej w Stykowie, Pan Andrzej \u015aledziona oraz Panie: Ewelina Koza i Ewa Kasperkiewicz z Wydzia\u0142u Polityki Spo\u0142ecznej Oddzia\u0142 Rynku Pracy Urz\u0119du Wojew\u00f3dzkiego w Kielcach. Dzia\u0142ania w sferze zawodowej podejmowane w Warsztacie Terapii Zaj\u0119ciowej w Starachowicach om\u00f3wi\u0142a Pani Kierownik Wies\u0142awa Zak\u0142ada, a nast\u0119pnie Pani pedagog Ma\u0142gorzata Mikos w swojej prezentacji przedstawi\u0142a formy aktywizacji i rehabilitacji zawodowej os\u00f3b niepe\u0142nosprawnych jakie s\u0105 prowadzone przez Warsztat Terapii Zaj\u0119ciowej Ka\u0142kowie-Godowie. Merytoryczn\u0105 cz\u0119\u015b\u0107 konferencji podsumowa\u0142a w swoim wyst\u0105pieniu Pani Jadwiga Irla \u2013 Dyrektor Oddzia\u0142u \u015awi\u0119tokrzyskiego PFRON w Kielcach.<\/p>\n<p><strong>Spotkanie z doradc\u0105 zawodowym<\/strong><br \/>\nDnia 25 czerwca 2014r. odby\u0142o si\u0119 spotkanie grupy uczestnik\u00f3w Warsztatu Terapii Zaj\u0119ciowej z Ka\u0142kowa \u2013 Godowa z doradc\u0105 zawodowym Powiatowego Urz\u0119du Pracy w Starachowicach \u2013 pani\u0105 Ma\u0142gorzat\u0105 Czuba.<br \/>\nW wyje\u017adzie udzia\u0142 wzi\u0119li: Piotr Ruszkiewicz, Adamina Orzechowska, Piotr Kuminek, Micha\u0142 Samsonowski, Mariusz S\u0142omi\u0144ski. Opiekunem grupy by\u0142a pani Anna Dziu\u0142ka. Uczestnicy spotkania zostali zapoznani z zasadami korzystania z us\u0142ug poradnictwa zawodowego, obejmuj\u0105cego prowadzenie indywidualnych i zbiorowych dzia\u0142a\u0144 w zakresie informowania, doradztwa, oceny kompetencji, wsparcia oraz nauczania umiej\u0119tno\u015bci niezb\u0119dnych do podejmowania decyzji i kierowania w\u0142asn\u0105 karier\u0105.<br \/>\nSpotkanie mia\u0142o r\u00f3wnie\u017c na celu przedstawienie struktury Urz\u0119du Pracy, zapoznanie uczestnik\u00f3w z poj\u0119ciami doradztwa zawodowego, rynku pracy, a tak\u017ce okre\u015blenie zainteresowa\u0144 i predyspozycji zawodowych.<br \/>\nJednocze\u015bnie przejrzano i om\u00f3wiono oferty pracy na dany dzie\u0144.<\/p>\n<p><strong>Regionalne Targi Pracy<\/strong><br \/>\nW dniu 18.09.2015r. grupa 12 uczestnik\u00f3w z naszego warsztatu wzi\u0119\u0142a udzia\u0142 w Regionalnych Targach Pracy w Starachowicach odbywaj\u0105cych si\u0119 w Zespole Szk\u00f3\u0142 Zawodowych nr 3. Organizatorami targ\u00f3w byli Wojew\u00f3dzki Urz\u0105d Pracy w Kielcach i Powiatowy Urz\u0105d Pracy w Starachowicach. Uczestnicy wzi\u0119li udzia\u0142 w warsztatach z autoprezentacji i zapoznali si\u0119 z ofertami pracy zg\u0142oszonymi przez przedsi\u0119biorc\u00f3w z naszego regionu. Podj\u0119to r\u00f3wnie\u017c wst\u0119pne rozmowy dotycz\u0105ce mo\u017cliwo\u015bci zatrudnienia os\u00f3b niepe\u0142nosprawnych w firmach: Perfekt Door z Kunowa (stolarka budowlana), Badpol ze Starachowic (sortownia odzie\u017cy), Akord Serwis z Radomia (firma sprz\u0105taj\u0105ca)<br \/>\nOpiekunami grupy byli: pani Ma\u0142gorzata Mikos, pani Anna Dziu\u0142ka, pan Andrzej Amborski.<\/p>\n","protected":false},"excerpt":{"rendered":"<p>IDEA REHABILITACJI ZAWODOWEJ. Zgodnie z ustaw\u0105 dnia 27 sierpnia 1997 r. o rehabilitacji zawodowej i spo\u0142ecznej oraz zatrudnianiu os\u00f3b niepe\u0142nosprawnych (Dz.U. 1997 Nr 123 poz.<\/p>\n","protected":false},"author":1,"featured_media":0,"parent":0,"menu_order":0,"comment_status":"closed","ping_status":"closed","template":"","meta":[],"_links":{"self":[{"href":"https:\/\/wtzkalkow-godow.pl\/index.php?rest_route=\/wp\/v2\/pages\/548"}],"collection":[{"href":"https:\/\/wtzkalkow-godow.pl\/index.php?rest_route=\/wp\/v2\/pages"}],"about":[{"href":"https:\/\/wtzkalkow-godow.pl\/index.php?rest_route=\/wp\/v2\/types\/page"}],"author":[{"embeddable":true,"href":"https:\/\/wtzkalkow-godow.pl\/index.php?rest_route=\/wp\/v2\/users\/1"}],"replies":[{"embeddable":true,"href":"https:\/\/wtzkalkow-godow.pl\/index.php?rest_route=%2Fwp%2Fv2%2Fcomments&post=548"}],"version-history":[{"count":4,"href":"https:\/\/wtzkalkow-godow.pl\/index.php?rest_route=\/wp\/v2\/pages\/548\/revisions"}],"predecessor-version":[{"id":1646,"href":"https:\/\/wtzkalkow-godow.pl\/index.php?rest_route=\/wp\/v2\/pages\/548\/revisions\/1646"}],"wp:attachment":[{"href":"https:\/\/wtzkalkow-godow.pl\/index.php?rest_route=%2Fwp%2Fv2%2Fmedia&parent=548"}],"curies":[{"name":"wp","href":"https:\/\/api.w.org\/{rel}","templated":true}]}}